{"id":349,"date":"2021-03-11T10:22:31","date_gmt":"2021-03-11T09:22:31","guid":{"rendered":"https:\/\/www.takecareofyou.be\/onze-partners\/premium-member\/"},"modified":"2025-09-02T09:20:18","modified_gmt":"2025-09-02T07:20:18","slug":"premium-partners","status":"publish","type":"page","link":"https:\/\/www.takecareofyou.be\/nl\/onze-partners\/premium-partners\/","title":{"rendered":"Premium Partners"},"content":{"rendered":"<div class=\"flex_column av_one_full  flex_column_div av-zero-column-padding first  avia-builder-el-0  el_before_av_submenu  avia-builder-el-no-sibling  \" style='border-radius:0px; '><div  style='padding-bottom:10px; ' class='av-special-heading av-special-heading-h1  blockquote modern-quote modern-centered  avia-builder-el-1  avia-builder-el-no-sibling  '><div class ='av-subheading av-subheading_above  ' style='font-size:20px;'><p>Ontdek de<\/p>\n<\/div><h1 class='av-special-heading-tag '  itemprop=\"headline\"  >PREMIUM partners van Take Care of You<\/h1><div class='special-heading-border'><div class='special-heading-inner-border' ><\/div><\/div><\/div><\/div>\n<\/div><\/div><\/div><!-- close content main div --><\/div><\/div><div class='clear'><\/div><div id='sub_menu1'  class='av-submenu-container main_color  avia-builder-el-2  el_after_av_one_full  el_before_av_one_full  av-sticky-submenu  submenu-not-first container_wrap sidebar_right' style='  z-index:301' ><div class='container av-menu-mobile-disabled '><ul id='av-custom-submenu-1' class='av-subnav-menu av-submenu-pos-center'>\n<li class='menu-item menu-item-top-level av-menu-button av-menu-button-colored menu-item-top-level-1'><a href='#be_waals_gewest' ><span class='avia-bullet'><\/span><span class='avia-menu-text'>BE - Waals Gewest<\/span><\/a><\/li>\n<li class='menu-item menu-item-top-level av-menu-button av-menu-button-colored menu-item-top-level-2'><a href='#be_brussels_gewest' ><span class='avia-bullet'><\/span><span class='avia-menu-text'>BE - Brussels Gewest<\/span><\/a><\/li>\n<li class='menu-item menu-item-top-level av-menu-button av-menu-button-colored menu-item-top-level-3'><a href='#be_vlaams_gewest' ><span class='avia-bullet'><\/span><span class='avia-menu-text'>BE - Vlaams Gewest<\/span><\/a><\/li>\n<li class='menu-item menu-item-top-level av-menu-button av-menu-button-colored menu-item-top-level-4'><a href='#lu_luxemburg' ><span class='avia-bullet'><\/span><span class='avia-menu-text'>LU - Luxemburg<\/span><\/a><\/li>\n<\/ul><\/div><\/div><div class='sticky_placeholder'><\/div><div id='after_submenu'  class='main_color av_default_container_wrap container_wrap sidebar_right' style=' '  ><div class='container' ><div class='template-page content  av-content-small alpha units'><div class='post-entry post-entry-type-page post-entry-349'><div class='entry-content-wrapper clearfix'>\n<div class=\"flex_column av_one_full  flex_column_div first  avia-builder-el-3  el_after_av_submenu  el_before_av_one_full  avia-builder-el-first  \" style='border-width:1px; border-color:#b10061; border-style:solid; padding:20px 40px 20px 40px ; border-radius:20px; '><section class=\"av_textblock_section \"  itemscope=\"itemscope\" itemtype=\"https:\/\/schema.org\/CreativeWork\" ><div class='avia_textblock  '  style='font-size:20px; '  itemprop=\"text\" ><p style=\"text-align: center;\">De <strong>PREMIUM partners<\/strong> nemen actief deel aan de ontwikkeling van oplossingen en diensten om een betere behandeling aan de pati\u00ebnten\u00a0te verstrekken.<\/p>\n<p style=\"text-align: center;\">Ze zijn betrokken bij alle acties van \u2018<strong>Take Care of You<\/strong>\u2019.<\/p>\n<\/div><\/section><\/div>\n<div class=\"flex_column av_one_full  flex_column_div first  avia-builder-el-5  el_after_av_one_full  el_before_av_one_third  column-top-margin\" style='padding:20px 0px 20px 0px ; border-radius:0px; ' id=\"be_waals_gewest\" ><div  style='padding-bottom:10px; ' class='av-special-heading av-special-heading-h3  blockquote elegant-quote elegant-centered  avia-builder-el-6  avia-builder-el-no-sibling  '><h3 class='av-special-heading-tag '  itemprop=\"headline\"  ><span class=\"heading-wrap\">BE &#8211; Waals Gewest<\/span><\/h3><div class='special-heading-border'><div class='special-heading-inner-border' ><\/div><\/div><\/div><\/div>\n<div class=\"flex_column av_one_third  flex_column_div av-zero-column-padding first  avia-builder-el-7  el_after_av_one_full  el_before_av_one_third  column-top-margin\" style='border-radius:0px; '><p><div  class='avia-image-container  av-styling-    avia-builder-el-8  el_before_av_hr  avia-builder-el-first  avia-align-center '  itemprop=\"image\" itemscope=\"itemscope\" itemtype=\"https:\/\/schema.org\/ImageObject\"  ><div class='avia-image-container-inner'><div class='avia-image-overlay-wrap'><img decoding=\"async\" class='wp-image-563 avia-img-lazy-loading-not-563 avia_image' src=\"https:\/\/www.takecareofyou.be\/wp-content\/uploads\/2021\/12\/Navez-Emmanuel.jpg\" alt='' title='Navez-Emmanuel' height=\"1159\" width=\"800\"  itemprop=\"thumbnailUrl\" srcset=\"https:\/\/www.takecareofyou.be\/wp-content\/uploads\/2021\/12\/Navez-Emmanuel.jpg 800w, https:\/\/www.takecareofyou.be\/wp-content\/uploads\/2021\/12\/Navez-Emmanuel-207x300.jpg 207w, https:\/\/www.takecareofyou.be\/wp-content\/uploads\/2021\/12\/Navez-Emmanuel-711x1030.jpg 711w, https:\/\/www.takecareofyou.be\/wp-content\/uploads\/2021\/12\/Navez-Emmanuel-768x1113.jpg 768w, https:\/\/www.takecareofyou.be\/wp-content\/uploads\/2021\/12\/Navez-Emmanuel-487x705.jpg 487w\" sizes=\"(max-width: 800px) 100vw, 800px\" \/><\/div><\/div><\/div><br \/>\n<div  style='height:20px' class='hr hr-invisible   avia-builder-el-9  el_after_av_image  el_before_av_textblock '><span class='hr-inner ' ><span class='hr-inner-style'><\/span><\/span><\/div><br \/>\n<section class=\"av_textblock_section \"  itemscope=\"itemscope\" itemtype=\"https:\/\/schema.org\/CreativeWork\" ><div class='avia_textblock  '   itemprop=\"text\" ><h2 style=\"text-align: center;\">L\u2019ATELIER PERRUQUE<\/h2>\n<p style=\"text-align: center;\"><strong>Navez Emmanuel<\/strong><\/p>\n<p style=\"text-align: center;\">Rue de Dave 76<\/p>\n<p style=\"text-align: center;\">5100 JAMBES<\/p>\n<p style=\"text-align: center;\">T\u00e9l. 0032 (0)81 30 88 04<\/p>\n<p style=\"text-align: center;\"><a href=\"mailto:atelierperruque@skynet.be\">atelierperruque@skynet.be<\/a><\/p>\n<\/div><\/section><br \/>\n<div  style=' margin-top:15px; margin-bottom:15px;'  class='hr hr-custom hr-center hr-icon-no   avia-builder-el-11  el_after_av_textblock  el_before_av_textblock '><span class='hr-inner  inner-border-av-border-thin' style=' width:50px;' ><span class='hr-inner-style'><\/span><\/span><\/div><br \/>\n<section class=\"av_textblock_section \"  itemscope=\"itemscope\" itemtype=\"https:\/\/schema.org\/CreativeWork\" ><div class='avia_textblock  av_inherit_color '  style='color:#b10061; '  itemprop=\"text\" ><p style=\"text-align: center;\">Depuis 15 ans. Cheveux naturels ou synth\u00e9tiques. Rendre le sourire : \u00e0 chaque fois mon d\u00e9fi ! Toujours sur rendez-vous, le 1er R-V d\u2019informations est (obligatoire) gratuit.<\/p>\n<\/div><\/section><\/p><\/div>\n<div class=\"flex_column av_one_third  flex_column_div av-zero-column-padding   avia-builder-el-13  el_after_av_one_third  el_before_av_one_third  column-top-margin\" style='border-radius:0px; '><p><div  class='avia-image-container  av-styling-    avia-builder-el-14  el_before_av_hr  avia-builder-el-first  avia-align-center '  itemprop=\"image\" itemscope=\"itemscope\" itemtype=\"https:\/\/schema.org\/ImageObject\"  ><div class='avia-image-container-inner'><div class='avia-image-overlay-wrap'><img decoding=\"async\" class='wp-image-920 avia-img-lazy-loading-not-920 avia_image' src=\"https:\/\/www.takecareofyou.be\/wp-content\/uploads\/2025\/09\/GHDC.jpg\" alt='' title='GHDC' height=\"1159\" width=\"800\"  itemprop=\"thumbnailUrl\" srcset=\"https:\/\/www.takecareofyou.be\/wp-content\/uploads\/2025\/09\/GHDC.jpg 800w, https:\/\/www.takecareofyou.be\/wp-content\/uploads\/2025\/09\/GHDC-207x300.jpg 207w, https:\/\/www.takecareofyou.be\/wp-content\/uploads\/2025\/09\/GHDC-711x1030.jpg 711w, https:\/\/www.takecareofyou.be\/wp-content\/uploads\/2025\/09\/GHDC-768x1113.jpg 768w, https:\/\/www.takecareofyou.be\/wp-content\/uploads\/2025\/09\/GHDC-487x705.jpg 487w\" sizes=\"(max-width: 800px) 100vw, 800px\" \/><\/div><\/div><\/div><br \/>\n<div  style='height:20px' class='hr hr-invisible   avia-builder-el-15  el_after_av_image  el_before_av_textblock '><span class='hr-inner ' ><span class='hr-inner-style'><\/span><\/span><\/div><br \/>\n<section class=\"av_textblock_section \"  itemscope=\"itemscope\" itemtype=\"https:\/\/schema.org\/CreativeWork\" ><div class='avia_textblock  '   itemprop=\"text\" ><h2 style=\"text-align: center;\">GHDC<\/h2>\n<p style=\"text-align: center;\"><strong>Michel B\u00e9rang\u00e8re<\/strong><\/p>\n<p style=\"text-align: center;\">Grand Rue 3<\/p>\n<p style=\"text-align: center;\">6000 CHARLEROI<\/p>\n<p style=\"text-align: center;\">T\u00e9l. 0032 (0)71 81 19 94<\/p>\n<p style=\"text-align: center;\">Gsm 0032 (0)471 86 53 17<\/p>\n<p style=\"text-align: center;\"><a href=\"mailto:info@centrecapillaire.be\">info@centrecapillaire.be<\/a><\/p>\n<\/div><\/section><br \/>\n<div  style=' margin-top:15px; margin-bottom:15px;'  class='hr hr-custom hr-center hr-icon-no   avia-builder-el-17  el_after_av_textblock  el_before_av_textblock '><span class='hr-inner  inner-border-av-border-thin' style=' width:50px;' ><span class='hr-inner-style'><\/span><\/span><\/div><br \/>\n<section class=\"av_textblock_section \"  itemscope=\"itemscope\" itemtype=\"https:\/\/schema.org\/CreativeWork\" ><div class='avia_textblock  av_inherit_color '  style='color:#b10061; '  itemprop=\"text\" ><p style=\"text-align: center;\">Le sourire et l\u2019empathie de B\u00e9rang\u00e8re mais \u00e9galement son grand professionnalisme et sa serviabilit\u00e9. Elle vous aidera \u00e0 passer ces moments de vie particuliers. Permanence les jeudis de 9h \u00e0 12h.<\/p>\n<\/div><\/section><\/p><\/div><div class=\"flex_column av_one_third  flex_column_div av-zero-column-padding   avia-builder-el-19  el_after_av_one_third  el_before_av_hr  column-top-margin\" style='border-radius:0px; '><p><div  class='avia-image-container  av-styling-    avia-builder-el-20  el_before_av_hr  avia-builder-el-first  avia-align-center '  itemprop=\"image\" itemscope=\"itemscope\" itemtype=\"https:\/\/schema.org\/ImageObject\"  ><div class='avia-image-container-inner'><div class='avia-image-overlay-wrap'><img decoding=\"async\" class='wp-image-924 avia-img-lazy-loading-not-924 avia_image' src=\"https:\/\/www.takecareofyou.be\/wp-content\/uploads\/2025\/09\/restons-belles.jpg\" alt='' title='restons-belles' height=\"1159\" width=\"800\"  itemprop=\"thumbnailUrl\" srcset=\"https:\/\/www.takecareofyou.be\/wp-content\/uploads\/2025\/09\/restons-belles.jpg 800w, https:\/\/www.takecareofyou.be\/wp-content\/uploads\/2025\/09\/restons-belles-207x300.jpg 207w, https:\/\/www.takecareofyou.be\/wp-content\/uploads\/2025\/09\/restons-belles-711x1030.jpg 711w, https:\/\/www.takecareofyou.be\/wp-content\/uploads\/2025\/09\/restons-belles-768x1113.jpg 768w, https:\/\/www.takecareofyou.be\/wp-content\/uploads\/2025\/09\/restons-belles-487x705.jpg 487w\" sizes=\"(max-width: 800px) 100vw, 800px\" \/><\/div><\/div><\/div><br \/>\n<div  style='height:20px' class='hr hr-invisible   avia-builder-el-21  el_after_av_image  el_before_av_textblock '><span class='hr-inner ' ><span class='hr-inner-style'><\/span><\/span><\/div><br \/>\n<section class=\"av_textblock_section \"  itemscope=\"itemscope\" itemtype=\"https:\/\/schema.org\/CreativeWork\" ><div class='avia_textblock  '   itemprop=\"text\" ><h2 style=\"text-align: center;\">RESTONS BELLES<\/h2>\n<p style=\"text-align: center;\"><strong>Piens V\u00e9ronique<\/strong><\/p>\n<p style=\"text-align: center;\">Chemin de la Justice 18<\/p>\n<p style=\"text-align: center;\">7800 ATH<\/p>\n<p style=\"text-align: center;\">Gsm 0032 (0)497 35 66 14<\/p>\n<p style=\"text-align: center;\"><a href=\"mailto:restonsbelles.ath@outlook.be\">restonsbelles.ath@outlook.be<\/a><\/p>\n<\/div><\/section><br \/>\n<div  style=' margin-top:15px; margin-bottom:15px;'  class='hr hr-custom hr-center hr-icon-no   avia-builder-el-23  el_after_av_textblock  el_before_av_textblock '><span class='hr-inner  inner-border-av-border-thin' style=' width:50px;' ><span class='hr-inner-style'><\/span><\/span><\/div><br \/>\n<section class=\"av_textblock_section \"  itemscope=\"itemscope\" itemtype=\"https:\/\/schema.org\/CreativeWork\" ><div class='avia_textblock  av_inherit_color '  style='color:#b10061; '  itemprop=\"text\" ><p style=\"text-align: center;\">Etant coiffeuse \u00e0 l\u2019origine, ce d\u00e9partement fut d\u2019abord un \u00abplus\u00bb qui au fur et \u00e0 mesure des ann\u00e9es, s\u2019est transform\u00e9e en vraie vocation, pass\u00e9e depuis au premier plan. Ayant elle-m\u00eame souffert de la \u00abmaladie\u00bb, V\u00e9ronique s\u2019est pris de passion.\u00a0\u00e0 aider les autres et vous comprend au-del\u00e0 des mots. Votre sourire est sa meilleure r\u00e9compense.<\/p>\n<\/div><\/section><\/p><\/div><div   class='hr hr-default   avia-builder-el-25  el_after_av_one_third  el_before_av_one_third '><span class='hr-inner ' ><span class='hr-inner-style'><\/span><\/span><\/div><\/p>\n<div class=\"flex_column av_one_third  flex_column_div av-zero-column-padding first  avia-builder-el-26  el_after_av_hr  el_before_av_one_third  \" style='border-radius:0px; '><p><div  class='avia-image-container  av-styling-    avia-builder-el-27  el_before_av_hr  avia-builder-el-first  avia-align-center '  itemprop=\"image\" itemscope=\"itemscope\" itemtype=\"https:\/\/schema.org\/ImageObject\"  ><div class='avia-image-container-inner'><div class='avia-image-overlay-wrap'><img decoding=\"async\" class='wp-image-825 avia-img-lazy-loading-not-825 avia_image' src=\"https:\/\/www.takecareofyou.be\/wp-content\/uploads\/2023\/08\/Meulemeester-Nancy-V2.jpg\" alt='' title='Meulemeester-Nancy-V2' height=\"1159\" width=\"800\"  itemprop=\"thumbnailUrl\" srcset=\"https:\/\/www.takecareofyou.be\/wp-content\/uploads\/2023\/08\/Meulemeester-Nancy-V2.jpg 800w, https:\/\/www.takecareofyou.be\/wp-content\/uploads\/2023\/08\/Meulemeester-Nancy-V2-207x300.jpg 207w, https:\/\/www.takecareofyou.be\/wp-content\/uploads\/2023\/08\/Meulemeester-Nancy-V2-711x1030.jpg 711w, https:\/\/www.takecareofyou.be\/wp-content\/uploads\/2023\/08\/Meulemeester-Nancy-V2-768x1113.jpg 768w, https:\/\/www.takecareofyou.be\/wp-content\/uploads\/2023\/08\/Meulemeester-Nancy-V2-487x705.jpg 487w\" sizes=\"(max-width: 800px) 100vw, 800px\" \/><\/div><\/div><\/div><br \/>\n<div  style='height:20px' class='hr hr-invisible   avia-builder-el-28  el_after_av_image  el_before_av_textblock '><span class='hr-inner ' ><span class='hr-inner-style'><\/span><\/span><\/div><br \/>\n<section class=\"av_textblock_section \"  itemscope=\"itemscope\" itemtype=\"https:\/\/schema.org\/CreativeWork\" ><div class='avia_textblock  '   itemprop=\"text\" ><h2 style=\"text-align: center;\">CLINIQUE DU CHEVEU CENTRE CAPILLAIRE &amp; D\u2019ESTH\u00c9TIQUE<\/h2>\n<p style=\"text-align: center;\"><strong>Meulemeester Nancy<\/strong><\/p>\n<p style=\"text-align: center;\">Rue Plomcot 6<\/p>\n<p style=\"text-align: center;\">6224 FLEURUS<\/p>\n<p style=\"text-align: center;\">T\u00e9l. 0032 (0)71 81 19 94<\/p>\n<p style=\"text-align: center;\">Gsm 0032 (0)474 91 08 75<\/p>\n<p style=\"text-align: center;\"><a href=\"mailto:info@centrecapillaire.be\">info@centrecapillaire.be<\/a><\/p>\n<\/div><\/section><br \/>\n<div  style=' margin-top:15px; margin-bottom:15px;'  class='hr hr-custom hr-center hr-icon-no   avia-builder-el-30  el_after_av_textblock  el_before_av_textblock '><span class='hr-inner  inner-border-av-border-thin' style=' width:50px;' ><span class='hr-inner-style'><\/span><\/span><\/div><br \/>\n<section class=\"av_textblock_section \"  itemscope=\"itemscope\" itemtype=\"https:\/\/schema.org\/CreativeWork\" ><div class='avia_textblock  av_inherit_color '  style='color:#b10061; '  itemprop=\"text\" ><p style=\"text-align: center;\">Accueil en salon priv\u00e9. Grande discr\u00e9tion. Plusieurs milliers de perruques disponibles tr\u00e8s grand choix de turbans mais surtout un accompagnement empathique et professionnel. Ouvert du lundi 9h au samedi 15h. Parking gratuit.<\/p>\n<\/div><\/section><\/p><\/div>\n<div class=\"flex_column av_one_third  flex_column_div av-zero-column-padding   avia-builder-el-32  el_after_av_one_third  el_before_av_one_third  \" style='border-radius:0px; '><p><div  class='avia-image-container  av-styling-    avia-builder-el-33  el_before_av_hr  avia-builder-el-first  avia-align-center '  itemprop=\"image\" itemscope=\"itemscope\" itemtype=\"https:\/\/schema.org\/ImageObject\"  ><div class='avia-image-container-inner'><div class='avia-image-overlay-wrap'><img decoding=\"async\" class='wp-image-831 avia-img-lazy-loading-not-831 avia_image' src=\"https:\/\/www.takecareofyou.be\/wp-content\/uploads\/2023\/08\/Delphine-Thiry-V2.jpg\" alt='' title='Delphine-Thiry-V2' height=\"1159\" width=\"800\"  itemprop=\"thumbnailUrl\" srcset=\"https:\/\/www.takecareofyou.be\/wp-content\/uploads\/2023\/08\/Delphine-Thiry-V2.jpg 800w, https:\/\/www.takecareofyou.be\/wp-content\/uploads\/2023\/08\/Delphine-Thiry-V2-207x300.jpg 207w, https:\/\/www.takecareofyou.be\/wp-content\/uploads\/2023\/08\/Delphine-Thiry-V2-711x1030.jpg 711w, https:\/\/www.takecareofyou.be\/wp-content\/uploads\/2023\/08\/Delphine-Thiry-V2-768x1113.jpg 768w, https:\/\/www.takecareofyou.be\/wp-content\/uploads\/2023\/08\/Delphine-Thiry-V2-487x705.jpg 487w\" sizes=\"(max-width: 800px) 100vw, 800px\" \/><\/div><\/div><\/div><br \/>\n<div  style='height:20px' class='hr hr-invisible   avia-builder-el-34  el_after_av_image  el_before_av_textblock '><span class='hr-inner ' ><span class='hr-inner-style'><\/span><\/span><\/div><br \/>\n<section class=\"av_textblock_section \"  itemscope=\"itemscope\" itemtype=\"https:\/\/schema.org\/CreativeWork\" ><div class='avia_textblock  '   itemprop=\"text\" ><h2 style=\"text-align: center;\">DELPHINE THIRY COIFFURE<\/h2>\n<p style=\"text-align: center;\"><strong>Delphine Thiry<\/strong><\/p>\n<p style=\"text-align: center;\">Rue Marcel Vandy<\/p>\n<p style=\"text-align: center;\">5020 FLAWINNE<\/p>\n<p style=\"text-align: center;\">Gsm 0032 (0)488 57 11 77<\/p>\n<p style=\"text-align: center;\"><a href=\"mailto:delphinethiry@hotmail.com\">delphinethiry@hotmail.com<\/a><\/p>\n<\/div><\/section><br \/>\n<div  style=' margin-top:15px; margin-bottom:15px;'  class='hr hr-custom hr-center hr-icon-no   avia-builder-el-36  el_after_av_textblock  el_before_av_textblock '><span class='hr-inner  inner-border-av-border-thin' style=' width:50px;' ><span class='hr-inner-style'><\/span><\/span><\/div><br \/>\n<section class=\"av_textblock_section \"  itemscope=\"itemscope\" itemtype=\"https:\/\/schema.org\/CreativeWork\" ><div class='avia_textblock  av_inherit_color '  style='color:#b10061; '  itemprop=\"text\" ><p style=\"text-align: center;\">Avec mon \u00e9nergie positive, je vous accompagne avec douceur pour choisir votre perruque qui mettra en valeur la femme rayonnante que vous \u00eates. Merci pour votre confiance<\/p>\n<\/div><\/section><\/p><\/div>\n<div class=\"flex_column av_one_third  flex_column_div av-zero-column-padding   avia-builder-el-38  el_after_av_one_third  el_before_av_hr  \" style='border-radius:0px; '><p><div  class='avia-image-container  av-styling-    avia-builder-el-39  el_before_av_hr  avia-builder-el-first  avia-align-center '  itemprop=\"image\" itemscope=\"itemscope\" itemtype=\"https:\/\/schema.org\/ImageObject\"  ><div class='avia-image-container-inner'><div class='avia-image-overlay-wrap'><img decoding=\"async\" class='wp-image-575 avia-img-lazy-loading-not-575 avia_image' src=\"https:\/\/www.takecareofyou.be\/wp-content\/uploads\/2021\/12\/Louis-Andree.jpg\" alt='' title='Louis-Andree' height=\"1159\" width=\"800\"  itemprop=\"thumbnailUrl\" srcset=\"https:\/\/www.takecareofyou.be\/wp-content\/uploads\/2021\/12\/Louis-Andree.jpg 800w, https:\/\/www.takecareofyou.be\/wp-content\/uploads\/2021\/12\/Louis-Andree-207x300.jpg 207w, https:\/\/www.takecareofyou.be\/wp-content\/uploads\/2021\/12\/Louis-Andree-711x1030.jpg 711w, https:\/\/www.takecareofyou.be\/wp-content\/uploads\/2021\/12\/Louis-Andree-768x1113.jpg 768w, https:\/\/www.takecareofyou.be\/wp-content\/uploads\/2021\/12\/Louis-Andree-487x705.jpg 487w\" sizes=\"(max-width: 800px) 100vw, 800px\" \/><\/div><\/div><\/div><br \/>\n<div  style='height:20px' class='hr hr-invisible   avia-builder-el-40  el_after_av_image  el_before_av_textblock '><span class='hr-inner ' ><span class='hr-inner-style'><\/span><\/span><\/div><br \/>\n<section class=\"av_textblock_section \"  itemscope=\"itemscope\" itemtype=\"https:\/\/schema.org\/CreativeWork\" ><div class='avia_textblock  '   itemprop=\"text\" ><h2 style=\"text-align: center;\">ANDR\u00c9E COIFFURE<\/h2>\n<p style=\"text-align: center;\"><strong>Louis Andr\u00e9e<\/strong><\/p>\n<p style=\"text-align: center;\">Rue du village 84<\/p>\n<p style=\"text-align: center;\">6800\u00a0LIBRAMONT-CHEVIGNY<\/p>\n<p style=\"text-align: center;\">T\u00e9l. 0032 (0)61 22 44 04<\/p>\n<p style=\"text-align: center;\">Mobile : 0498 27 91 41<\/p>\n<p style=\"text-align: center;\"><a href=\"mailto:andree.louis@hotmail.com\">andree.louis@hotmail.com<\/a><\/p>\n<\/div><\/section><br \/>\n<div  style=' margin-top:15px; margin-bottom:15px;'  class='hr hr-custom hr-center hr-icon-no   avia-builder-el-42  el_after_av_textblock  el_before_av_textblock '><span class='hr-inner  inner-border-av-border-thin' style=' width:50px;' ><span class='hr-inner-style'><\/span><\/span><\/div><br \/>\n<section class=\"av_textblock_section \"  itemscope=\"itemscope\" itemtype=\"https:\/\/schema.org\/CreativeWork\" ><div class='avia_textblock  av_inherit_color '  style='color:#b10061; '  itemprop=\"text\" ><p style=\"text-align: center;\">Mon objectif de coiffeuse : vous aider et vous conseiller afin de trouver ensemble ce qui vous correspond et toujours avec le sourire. A 2min de l\u2019h\u00f4pital de Libramont 25 min de Bastogne-Marche-Arlon. Sur rendez-vous ou \u00e0 domicile.<\/p>\n<\/div><\/section><\/p><\/div>\n<div   class='hr hr-default   avia-builder-el-44  el_after_av_one_third  el_before_av_hr '><span class='hr-inner ' ><span class='hr-inner-style'><\/span><\/span><\/div>\n<div   class='hr hr-default   avia-builder-el-45  el_after_av_hr  el_before_av_one_third '><span class='hr-inner ' ><span class='hr-inner-style'><\/span><\/span><\/div>\n<div class=\"flex_column av_one_third  flex_column_div av-zero-column-padding first  avia-builder-el-46  el_after_av_hr  el_before_av_one_full  \" style='border-radius:0px; '><p><div  class='avia-image-container  av-styling-    avia-builder-el-47  el_before_av_hr  avia-builder-el-first  avia-align-center '  itemprop=\"image\" itemscope=\"itemscope\" itemtype=\"https:\/\/schema.org\/ImageObject\"  ><div class='avia-image-container-inner'><div class='avia-image-overlay-wrap'><img decoding=\"async\" class='wp-image-932 avia-img-lazy-loading-not-932 avia_image' src=\"https:\/\/www.takecareofyou.be\/wp-content\/uploads\/2025\/09\/CHU-TIVOLI.jpg\" alt='' title='CHU-TIVOLI' height=\"1159\" width=\"800\"  itemprop=\"thumbnailUrl\" srcset=\"https:\/\/www.takecareofyou.be\/wp-content\/uploads\/2025\/09\/CHU-TIVOLI.jpg 800w, https:\/\/www.takecareofyou.be\/wp-content\/uploads\/2025\/09\/CHU-TIVOLI-207x300.jpg 207w, https:\/\/www.takecareofyou.be\/wp-content\/uploads\/2025\/09\/CHU-TIVOLI-711x1030.jpg 711w, https:\/\/www.takecareofyou.be\/wp-content\/uploads\/2025\/09\/CHU-TIVOLI-768x1113.jpg 768w, https:\/\/www.takecareofyou.be\/wp-content\/uploads\/2025\/09\/CHU-TIVOLI-487x705.jpg 487w\" sizes=\"(max-width: 800px) 100vw, 800px\" \/><\/div><\/div><\/div><br \/>\n<div  style='height:20px' class='hr hr-invisible   avia-builder-el-48  el_after_av_image  el_before_av_textblock '><span class='hr-inner ' ><span class='hr-inner-style'><\/span><\/span><\/div><br \/>\n<section class=\"av_textblock_section \"  itemscope=\"itemscope\" itemtype=\"https:\/\/schema.org\/CreativeWork\" ><div class='avia_textblock  '   itemprop=\"text\" ><h2 style=\"text-align: center;\">CHU TIVOLI<\/h2>\n<p style=\"text-align: center;\"><strong>Michel B\u00e9rang\u00e8re<\/strong><\/p>\n<p style=\"text-align: center;\">Av. Max Buset 34<\/p>\n<p style=\"text-align: center;\">7100 LA LOUVIERE<\/p>\n<p style=\"text-align: center;\">T\u00e9l. 0032 (0)71 81 19 94<\/p>\n<p style=\"text-align: center;\">Gsm : 0032 (0)471 86 53 17<\/p>\n<p style=\"text-align: center;\"><a href=\"mailto:info@centrecapillaire.be\">info@centrecapillaire.be<\/a><\/p>\n<\/div><\/section><br \/>\n<div  style=' margin-top:15px; margin-bottom:15px;'  class='hr hr-custom hr-center hr-icon-no   avia-builder-el-50  el_after_av_textblock  el_before_av_textblock '><span class='hr-inner  inner-border-av-border-thin' style=' width:50px;' ><span class='hr-inner-style'><\/span><\/span><\/div><br \/>\n<section class=\"av_textblock_section \"  itemscope=\"itemscope\" itemtype=\"https:\/\/schema.org\/CreativeWork\" ><div class='avia_textblock  av_inherit_color '  style='color:#b10061; '  itemprop=\"text\" ><p style=\"text-align: center;\">Le sourire et l\u2019empathie de B\u00e9rang\u00e8re mais \u00e9galement son grand professionnalisme et sa serviabilit\u00e9. Elle vous aidera \u00e0 passer ces moments de vie particuliers. Permanence les jeudis de 9h \u00e0 12h.<\/p>\n<\/div><\/section><\/p><\/div><div class=\"flex_column av_one_full  flex_column_div first  avia-builder-el-52  el_after_av_one_third  el_before_av_one_third  column-top-margin\" style='padding:20px 0px 20px 0px ; border-radius:0px; ' id=\"be_brussels_gewest\" ><div  style='padding-bottom:10px; ' class='av-special-heading av-special-heading-h3  blockquote elegant-quote elegant-centered  avia-builder-el-53  avia-builder-el-no-sibling  '><h3 class='av-special-heading-tag '  itemprop=\"headline\"  ><span class=\"heading-wrap\">BE &#8211; Brussels Gewest<\/span><\/h3><div class='special-heading-border'><div class='special-heading-inner-border' ><\/div><\/div><\/div><\/div><\/p>\n<div class=\"flex_column av_one_third  flex_column_div av-zero-column-padding first  avia-builder-el-54  el_after_av_one_full  el_before_av_one_third  column-top-margin\" style='border-radius:0px; '><p><div  class='avia-image-container  av-styling-    avia-builder-el-55  el_before_av_hr  avia-builder-el-first  avia-align-center '  itemprop=\"image\" itemscope=\"itemscope\" itemtype=\"https:\/\/schema.org\/ImageObject\"  ><div class='avia-image-container-inner'><div class='avia-image-overlay-wrap'><img decoding=\"async\" class='wp-image-553 avia-img-lazy-loading-not-553 avia_image' src=\"https:\/\/www.takecareofyou.be\/wp-content\/uploads\/2021\/12\/Devedeleer-Isabelle.jpg\" alt='' title='Devedeleer-Isabelle' height=\"1159\" width=\"800\"  itemprop=\"thumbnailUrl\" srcset=\"https:\/\/www.takecareofyou.be\/wp-content\/uploads\/2021\/12\/Devedeleer-Isabelle.jpg 800w, https:\/\/www.takecareofyou.be\/wp-content\/uploads\/2021\/12\/Devedeleer-Isabelle-207x300.jpg 207w, https:\/\/www.takecareofyou.be\/wp-content\/uploads\/2021\/12\/Devedeleer-Isabelle-711x1030.jpg 711w, https:\/\/www.takecareofyou.be\/wp-content\/uploads\/2021\/12\/Devedeleer-Isabelle-768x1113.jpg 768w, https:\/\/www.takecareofyou.be\/wp-content\/uploads\/2021\/12\/Devedeleer-Isabelle-487x705.jpg 487w\" sizes=\"(max-width: 800px) 100vw, 800px\" \/><\/div><\/div><\/div><br \/>\n<div  style='height:20px' class='hr hr-invisible   avia-builder-el-56  el_after_av_image  el_before_av_textblock '><span class='hr-inner ' ><span class='hr-inner-style'><\/span><\/span><\/div><br \/>\n<section class=\"av_textblock_section \"  itemscope=\"itemscope\" itemtype=\"https:\/\/schema.org\/CreativeWork\" ><div class='avia_textblock  '   itemprop=\"text\" ><h2 style=\"text-align: center;\">HAIRCONSULTING ISABO<\/h2>\n<p style=\"text-align: center;\"><strong>Devedeleer Isabelle<\/strong><\/p>\n<p style=\"text-align: center;\">A. Demaeghtlaan 52 &#8211; 1500 HAL<\/p>\n<p style=\"text-align: center;\">T\u00e9l. 0032 (0)2 361 69 10<\/p>\n<p style=\"text-align: center;\">Gsm 0032 (0)479 66 32 02<\/p>\n<p style=\"text-align: center;\"><a href=\"mailto:isabo@hairconsulting.be\">isabo@hairconsulting.be<\/a><\/p>\n<p style=\"text-align: center;\"><a href=\"https:\/\/www.hairconsulting.be\">www.hairconsulting.be<\/a><\/p>\n<\/div><\/section><br \/>\n<div  style=' margin-top:15px; margin-bottom:15px;'  class='hr hr-custom hr-center hr-icon-no   avia-builder-el-58  el_after_av_textblock  el_before_av_textblock '><span class='hr-inner  inner-border-av-border-thin' style=' width:50px;' ><span class='hr-inner-style'><\/span><\/span><\/div><br \/>\n<section class=\"av_textblock_section \"  itemscope=\"itemscope\" itemtype=\"https:\/\/schema.org\/CreativeWork\" ><div class='avia_textblock  av_inherit_color '  style='color:#b10061; '  itemprop=\"text\" ><p style=\"text-align: center;\">Centre capillaire en perruques m\u00e9dicales, bonnets, salon de coiffure, compl\u00e9ments capillaires, dispo et sur sur mesure. Cabine privative. 16 ans d\u2019exp\u00e9rience et d&#8217;empathie. A 15 km de Bruxelles. Accessible en bus et en train facilement . Sur rdv si possible. Visite h\u00f4pital le mardi.<\/p>\n<\/div><\/section><\/p><\/div>\n<div class=\"flex_column av_one_third  flex_column_div av-zero-column-padding   avia-builder-el-60  el_after_av_one_third  el_before_av_one_third  column-top-margin\" style='border-radius:0px; '><p><div  class='avia-image-container  av-styling-    avia-builder-el-61  el_before_av_hr  avia-builder-el-first  avia-align-center '  itemprop=\"image\" itemscope=\"itemscope\" itemtype=\"https:\/\/schema.org\/ImageObject\"  ><div class='avia-image-container-inner'><div class='avia-image-overlay-wrap'><img decoding=\"async\" class='wp-image-935 avia-img-lazy-loading-not-935 avia_image' src=\"https:\/\/www.takecareofyou.be\/wp-content\/uploads\/2025\/09\/CHU-SAINT-PIERRE.jpg\" alt='' title='CHU-SAINT-PIERRE' height=\"1159\" width=\"800\"  itemprop=\"thumbnailUrl\" srcset=\"https:\/\/www.takecareofyou.be\/wp-content\/uploads\/2025\/09\/CHU-SAINT-PIERRE.jpg 800w, https:\/\/www.takecareofyou.be\/wp-content\/uploads\/2025\/09\/CHU-SAINT-PIERRE-207x300.jpg 207w, https:\/\/www.takecareofyou.be\/wp-content\/uploads\/2025\/09\/CHU-SAINT-PIERRE-711x1030.jpg 711w, https:\/\/www.takecareofyou.be\/wp-content\/uploads\/2025\/09\/CHU-SAINT-PIERRE-768x1113.jpg 768w, https:\/\/www.takecareofyou.be\/wp-content\/uploads\/2025\/09\/CHU-SAINT-PIERRE-487x705.jpg 487w\" sizes=\"(max-width: 800px) 100vw, 800px\" \/><\/div><\/div><\/div><br \/>\n<div  style='height:20px' class='hr hr-invisible   avia-builder-el-62  el_after_av_image  el_before_av_textblock '><span class='hr-inner ' ><span class='hr-inner-style'><\/span><\/span><\/div><br \/>\n<section class=\"av_textblock_section \"  itemscope=\"itemscope\" itemtype=\"https:\/\/schema.org\/CreativeWork\" ><div class='avia_textblock  '   itemprop=\"text\" ><h2 style=\"text-align: center;\">CHU SAINT PIERRE<\/h2>\n<p style=\"text-align: center;\"><strong>Michel B\u00e9rang\u00e8re<\/strong><\/p>\n<p style=\"text-align: center;\">Rue des Alexiens 11\/13<\/p>\n<p style=\"text-align: center;\">1000 BRUXELLES<\/p>\n<p style=\"text-align: center;\">T\u00e9l. 0032 (0)71 81 19 94<\/p>\n<p style=\"text-align: center;\">Gsm 0032 (0)471 86 53 17<\/p>\n<p style=\"text-align: center;\"><a href=\"mailto:info@centrecapillaire.be\">info@centrecapillaire.be<\/a><\/p>\n<\/div><\/section><br \/>\n<div  style=' margin-top:15px; margin-bottom:15px;'  class='hr hr-custom hr-center hr-icon-no   avia-builder-el-64  el_after_av_textblock  el_before_av_textblock '><span class='hr-inner  inner-border-av-border-thin' style=' width:50px;' ><span class='hr-inner-style'><\/span><\/span><\/div><br \/>\n<section class=\"av_textblock_section \"  itemscope=\"itemscope\" itemtype=\"https:\/\/schema.org\/CreativeWork\" ><div class='avia_textblock  av_inherit_color '  style='color:#b10061; '  itemprop=\"text\" ><p style=\"text-align: center;\">Le sourire et l\u2019empathie de B\u00e9rang\u00e8re mais \u00e9galement son grand professionnalisme et sa serviabilit\u00e9. Elle vous aidera \u00e0 passer ces moments de vie particuliers. Permanence les mercredis apr\u00e8s midi sur rendez-vous.<\/p>\n<\/div><\/section><\/p><\/div><div class=\"flex_column av_one_third  flex_column_div av-zero-column-padding   avia-builder-el-66  el_after_av_one_third  el_before_av_one_full  column-top-margin\" style='border-radius:0px; '><\/div><\/p>\n<div class=\"flex_column av_one_full  flex_column_div first  avia-builder-el-67  el_after_av_one_third  el_before_av_one_third  column-top-margin\" style='padding:20px 0px 20px 0px ; border-radius:0px; ' id=\"be_vlaams_gewest\" ><div  style='padding-bottom:10px; ' class='av-special-heading av-special-heading-h3  blockquote elegant-quote elegant-centered  avia-builder-el-68  avia-builder-el-no-sibling  '><h3 class='av-special-heading-tag '  itemprop=\"headline\"  ><span class=\"heading-wrap\">BE &#8211; Vlaams Gewest<\/span><\/h3><div class='special-heading-border'><div class='special-heading-inner-border' ><\/div><\/div><\/div><\/div>\n<div class=\"flex_column av_one_third  flex_column_div av-zero-column-padding first  avia-builder-el-69  el_after_av_one_full  el_before_av_one_third  column-top-margin\" style='border-radius:0px; '><\/div>\n<div class=\"flex_column av_one_third  flex_column_div av-zero-column-padding   avia-builder-el-70  el_after_av_one_third  el_before_av_one_third  column-top-margin\" style='border-radius:0px; '><\/div>\n<div class=\"flex_column av_one_third  flex_column_div av-zero-column-padding   avia-builder-el-71  el_after_av_one_third  el_before_av_one_full  column-top-margin\" style='border-radius:0px; '><\/div>\n<div class=\"flex_column av_one_full  flex_column_div first  avia-builder-el-72  el_after_av_one_third  el_before_av_one_third  column-top-margin\" style='padding:20px 0px 20px 0px ; border-radius:0px; ' id=\"lu_luxemburg\" ><div  style='padding-bottom:10px; ' class='av-special-heading av-special-heading-h3  blockquote elegant-quote elegant-centered  avia-builder-el-73  avia-builder-el-no-sibling  '><h3 class='av-special-heading-tag '  itemprop=\"headline\"  ><span class=\"heading-wrap\">LU &#8211; Luxemburg<\/span><\/h3><div class='special-heading-border'><div class='special-heading-inner-border' ><\/div><\/div><\/div><\/div>\n<div class=\"flex_column av_one_third  flex_column_div av-zero-column-padding first  avia-builder-el-74  el_after_av_one_full  el_before_av_one_third  column-top-margin\" style='border-radius:0px; '><\/div>\n<div class=\"flex_column av_one_third  flex_column_div av-zero-column-padding   avia-builder-el-75  el_after_av_one_third  el_before_av_one_third  column-top-margin\" style='border-radius:0px; '><\/div>\n<div class=\"flex_column av_one_third  flex_column_div av-zero-column-padding   avia-builder-el-76  el_after_av_one_third  el_before_av_section  avia-builder-el-last  column-top-margin\" style='border-radius:0px; '><\/div>\n<\/div><\/div><\/div><!-- close content main div --><\/div><\/div><div id='av_section_1'  class='avia-section main_color avia-section-default avia-no-border-styling  avia-bg-style-scroll  avia-builder-el-77  el_after_av_one_third  avia-builder-el-last   container_wrap sidebar_right' style='background-color: #b10061;  '  ><div class='container' ><div class='template-page content  av-content-small alpha units'><div class='post-entry post-entry-type-page post-entry-349'><div class='entry-content-wrapper clearfix'>\n<section class=\"av_textblock_section \"  itemscope=\"itemscope\" itemtype=\"https:\/\/schema.org\/CreativeWork\" ><div class='avia_textblock  av_inherit_color '  style='font-size:24px; color:#ffffff; '  itemprop=\"text\" ><p style=\"text-align: center;\">Zou u graag deel willen uitmaken van de <strong>PREMIUM partners<\/strong> van Take Care of You ?<\/p>\n<p style=\"text-align: center;\"><a href=\"mailto:info@takecareofyou.be\">info@takecareofyou.be<\/a><\/p>\n<\/div><\/section>\n<\/div><\/div><\/div><!-- close content main div --><\/div><\/div><div id='after_section_1'  class='main_color av_default_container_wrap container_wrap sidebar_right' style=' '  ><div class='container' ><div class='template-page content  av-content-small alpha units'><div class='post-entry post-entry-type-page post-entry-349'><div class='entry-content-wrapper clearfix'>\n","protected":false},"excerpt":{"rendered":"","protected":false},"author":1,"featured_media":0,"parent":326,"menu_order":0,"comment_status":"closed","ping_status":"closed","template":"","meta":{"footnotes":""},"class_list":["post-349","page","type-page","status-publish","hentry"],"yoast_head":"<!-- This site is optimized with the Yoast SEO plugin v27.5 - https:\/\/yoast.com\/product\/yoast-seo-wordpress\/ -->\n<title>Premium Partners - Take Care Of You<\/title>\n<meta name=\"robots\" content=\"index, follow, max-snippet:-1, max-image-preview:large, max-video-preview:-1\" \/>\n<link rel=\"canonical\" href=\"https:\/\/www.takecareofyou.be\/nl\/onze-partners\/premium-partners\/\" \/>\n<meta property=\"og:locale\" content=\"nl_NL\" \/>\n<meta property=\"og:type\" content=\"article\" \/>\n<meta property=\"og:title\" content=\"Premium Partners - Take Care Of You\" \/>\n<meta property=\"og:url\" content=\"https:\/\/www.takecareofyou.be\/nl\/onze-partners\/premium-partners\/\" \/>\n<meta property=\"og:site_name\" content=\"Take Care Of You\" \/>\n<meta property=\"article:modified_time\" content=\"2025-09-02T07:20:18+00:00\" \/>\n<meta name=\"twitter:card\" content=\"summary_large_image\" \/>\n<meta name=\"twitter:label1\" content=\"Geschatte leestijd\" \/>\n\t<meta name=\"twitter:data1\" content=\"19 minuten\" \/>\n<script type=\"application\/ld+json\" class=\"yoast-schema-graph\">{\"@context\":\"https:\\\/\\\/schema.org\",\"@graph\":[{\"@type\":\"WebPage\",\"@id\":\"https:\\\/\\\/www.takecareofyou.be\\\/nl\\\/onze-partners\\\/premium-partners\\\/\",\"url\":\"https:\\\/\\\/www.takecareofyou.be\\\/nl\\\/onze-partners\\\/premium-partners\\\/\",\"name\":\"Premium Partners - Take Care Of You\",\"isPartOf\":{\"@id\":\"https:\\\/\\\/www.takecareofyou.be\\\/nl\\\/#website\"},\"datePublished\":\"2021-03-11T09:22:31+00:00\",\"dateModified\":\"2025-09-02T07:20:18+00:00\",\"breadcrumb\":{\"@id\":\"https:\\\/\\\/www.takecareofyou.be\\\/nl\\\/onze-partners\\\/premium-partners\\\/#breadcrumb\"},\"inLanguage\":\"nl-NL\",\"potentialAction\":[{\"@type\":\"ReadAction\",\"target\":[\"https:\\\/\\\/www.takecareofyou.be\\\/nl\\\/onze-partners\\\/premium-partners\\\/\"]}]},{\"@type\":\"BreadcrumbList\",\"@id\":\"https:\\\/\\\/www.takecareofyou.be\\\/nl\\\/onze-partners\\\/premium-partners\\\/#breadcrumb\",\"itemListElement\":[{\"@type\":\"ListItem\",\"position\":1,\"name\":\"Accueil\",\"item\":\"https:\\\/\\\/www.takecareofyou.be\\\/nl\\\/\"},{\"@type\":\"ListItem\",\"position\":2,\"name\":\"Onze partners\",\"item\":\"https:\\\/\\\/www.takecareofyou.be\\\/nl\\\/onze-partners\\\/\"},{\"@type\":\"ListItem\",\"position\":3,\"name\":\"Premium Partners\"}]},{\"@type\":\"WebSite\",\"@id\":\"https:\\\/\\\/www.takecareofyou.be\\\/nl\\\/#website\",\"url\":\"https:\\\/\\\/www.takecareofyou.be\\\/nl\\\/\",\"name\":\"Take Care Of You\",\"description\":\"Projet pour une belle cause\",\"potentialAction\":[{\"@type\":\"SearchAction\",\"target\":{\"@type\":\"EntryPoint\",\"urlTemplate\":\"https:\\\/\\\/www.takecareofyou.be\\\/nl\\\/?s={search_term_string}\"},\"query-input\":{\"@type\":\"PropertyValueSpecification\",\"valueRequired\":true,\"valueName\":\"search_term_string\"}}],\"inLanguage\":\"nl-NL\"}]}<\/script>\n<!-- \/ Yoast SEO plugin. -->","yoast_head_json":{"title":"Premium Partners - Take Care Of You","robots":{"index":"index","follow":"follow","max-snippet":"max-snippet:-1","max-image-preview":"max-image-preview:large","max-video-preview":"max-video-preview:-1"},"canonical":"https:\/\/www.takecareofyou.be\/nl\/onze-partners\/premium-partners\/","og_locale":"nl_NL","og_type":"article","og_title":"Premium Partners - Take Care Of You","og_url":"https:\/\/www.takecareofyou.be\/nl\/onze-partners\/premium-partners\/","og_site_name":"Take Care Of You","article_modified_time":"2025-09-02T07:20:18+00:00","twitter_card":"summary_large_image","twitter_misc":{"Geschatte leestijd":"19 minuten"},"schema":{"@context":"https:\/\/schema.org","@graph":[{"@type":"WebPage","@id":"https:\/\/www.takecareofyou.be\/nl\/onze-partners\/premium-partners\/","url":"https:\/\/www.takecareofyou.be\/nl\/onze-partners\/premium-partners\/","name":"Premium Partners - Take Care Of You","isPartOf":{"@id":"https:\/\/www.takecareofyou.be\/nl\/#website"},"datePublished":"2021-03-11T09:22:31+00:00","dateModified":"2025-09-02T07:20:18+00:00","breadcrumb":{"@id":"https:\/\/www.takecareofyou.be\/nl\/onze-partners\/premium-partners\/#breadcrumb"},"inLanguage":"nl-NL","potentialAction":[{"@type":"ReadAction","target":["https:\/\/www.takecareofyou.be\/nl\/onze-partners\/premium-partners\/"]}]},{"@type":"BreadcrumbList","@id":"https:\/\/www.takecareofyou.be\/nl\/onze-partners\/premium-partners\/#breadcrumb","itemListElement":[{"@type":"ListItem","position":1,"name":"Accueil","item":"https:\/\/www.takecareofyou.be\/nl\/"},{"@type":"ListItem","position":2,"name":"Onze partners","item":"https:\/\/www.takecareofyou.be\/nl\/onze-partners\/"},{"@type":"ListItem","position":3,"name":"Premium Partners"}]},{"@type":"WebSite","@id":"https:\/\/www.takecareofyou.be\/nl\/#website","url":"https:\/\/www.takecareofyou.be\/nl\/","name":"Take Care Of You","description":"Projet pour une belle cause","potentialAction":[{"@type":"SearchAction","target":{"@type":"EntryPoint","urlTemplate":"https:\/\/www.takecareofyou.be\/nl\/?s={search_term_string}"},"query-input":{"@type":"PropertyValueSpecification","valueRequired":true,"valueName":"search_term_string"}}],"inLanguage":"nl-NL"}]}},"_links":{"self":[{"href":"https:\/\/www.takecareofyou.be\/nl\/wp-json\/wp\/v2\/pages\/349","targetHints":{"allow":["GET"]}}],"collection":[{"href":"https:\/\/www.takecareofyou.be\/nl\/wp-json\/wp\/v2\/pages"}],"about":[{"href":"https:\/\/www.takecareofyou.be\/nl\/wp-json\/wp\/v2\/types\/page"}],"author":[{"embeddable":true,"href":"https:\/\/www.takecareofyou.be\/nl\/wp-json\/wp\/v2\/users\/1"}],"replies":[{"embeddable":true,"href":"https:\/\/www.takecareofyou.be\/nl\/wp-json\/wp\/v2\/comments?post=349"}],"version-history":[{"count":23,"href":"https:\/\/www.takecareofyou.be\/nl\/wp-json\/wp\/v2\/pages\/349\/revisions"}],"predecessor-version":[{"id":944,"href":"https:\/\/www.takecareofyou.be\/nl\/wp-json\/wp\/v2\/pages\/349\/revisions\/944"}],"up":[{"embeddable":true,"href":"https:\/\/www.takecareofyou.be\/nl\/wp-json\/wp\/v2\/pages\/326"}],"wp:attachment":[{"href":"https:\/\/www.takecareofyou.be\/nl\/wp-json\/wp\/v2\/media?parent=349"}],"curies":[{"name":"wp","href":"https:\/\/api.w.org\/{rel}","templated":true}]}}